{"id":8,"date":"2024-09-26T09:52:49","date_gmt":"2024-09-26T07:52:49","guid":{"rendered":"https:\/\/www.pratiquesorthophoniques2025.fr\/?page_id=8"},"modified":"2025-05-05T17:11:28","modified_gmt":"2025-05-05T15:11:28","slug":"pratiques-orthophoniques","status":"publish","type":"page","link":"https:\/\/www.pratiquesorthophoniques2025.fr\/","title":{"rendered":"Pratiques Orthophoniques"},"content":{"rendered":"<div class=\"wpb-content-wrapper\"><p>[vc_row full_width=\u00a0\u00bbstretch_row\u00a0\u00bb bg_type=\u00a0\u00bbbg_color\u00a0\u00bb bg_color_value=\u00a0\u00bb#f7c9c0&Prime; css=\u00a0\u00bb.vc_custom_1727435489957{margin-top: -50px !important;}\u00a0\u00bb][vc_column][vc_single_image image=\u00a0\u00bb81&Prime; img_size=\u00a0\u00bbfull\u00a0\u00bb alignment=\u00a0\u00bbcenter\u00a0\u00bb css=\u00a0\u00bb\u00a0\u00bb][vc_video link=\u00a0\u00bbhttps:\/\/vimeo.com\/1081473214&Prime; el_width=\u00a0\u00bb70&Prime; align=\u00a0\u00bbcenter\u00a0\u00bb css=\u00a0\u00bb\u00a0\u00bb][\/vc_column][\/vc_row][vc_row css=\u00a0\u00bb.vc_custom_1728290024387{padding-top: 25px !important;padding-bottom: 25px !important;}\u00a0\u00bb el_id=\u00a0\u00bbpresentation\u00a0\u00bb][vc_column][vc_column_text css=\u00a0\u00bb\u00a0\u00bb]<\/p>\n<p style=\"text-align: left;\">Apr\u00e8s les aphasies en 2019, les TNC en 2020 et la prise en soins 2023, nous sommes ravis de vous retrouver pour ce nouveau rendez-vous en orthophonie et neurologie.<\/p>\n<p style=\"text-align: left;\">La diversit\u00e9 des affections neurologiques chez l\u2019adulte et les troubles du langage, de la communication et de la cognition qui en r\u00e9sultent, \u00e9voluent r\u00e9guli\u00e8rement. Les orthophonistes sont donc confront\u00e9(e)s au quotidien \u00e0 des prises en soin nouvelles, toujours plus complexes n\u00e9cessitant une plus grande expertise. Au cours de ces deux journ\u00e9es, nous vous proposerons d\u2019appr\u00e9hender de nouveaux modes d\u2019intervention dans les affections neurologiques courantes mais \u00e9galement des nouvelles pathologies n\u00e9cessitant une prise en soin orthophonique. Nous ferons \u00e9galement un \u00e9tat des lieux des connaissances actuelles dans la maladie d\u2019Alzheimer et les syndromes apparent\u00e9s.<\/p>\n<p style=\"text-align: left;\">Comme lors de nos pr\u00e9c\u00e9dents rendez-vous, au Th\u00e9\u00e2tre Mogador, ces journ\u00e9es seront cliniques, scientifiques et actuelles.<\/p>\n<p style=\"text-align: right;\"><strong>Claire SAINSON, Chriselle BOLLORE, Laure de la CHAPELLE, Joffrey TRAUCHESSEC<\/strong><br \/>\n<strong>Comit\u00e9 scientifique et Comit\u00e9 d&rsquo;organisation<\/strong><\/p>\n<p>[\/vc_column_text][\/vc_column][vc_column][\/vc_column][\/vc_row][vc_row][vc_column][vc_video link=\u00a0\u00bbhttps:\/\/vimeo.com\/1028415841?share=copy\u00a0\u00bb el_width=\u00a0\u00bb70&Prime; align=\u00a0\u00bbcenter\u00a0\u00bb css_animation=\u00a0\u00bbappear\u00a0\u00bb css=\u00a0\u00bb\u00a0\u00bb][\/vc_column][\/vc_row][vc_row full_width=\u00a0\u00bbstretch_row\u00a0\u00bb bg_type=\u00a0\u00bbbg_color\u00a0\u00bb bg_color_value=\u00a0\u00bb#f7c9c0&Prime; css=\u00a0\u00bb.vc_custom_1727435607305{padding-top: 25px !important;padding-bottom: 25px !important;}\u00a0\u00bb][vc_column][vc_custom_heading text=\u00a0\u00bbLe programme\u00a0\u00bb use_theme_fonts=\u00a0\u00bbyes\u00a0\u00bb css=\u00a0\u00bb\u00a0\u00bb][vc_tour interval=\u00a0\u00bb0&Prime;][vc_tab title=\u00a0\u00bbProgramme du Lundi 17 mars 2025&Prime; tab_id=\u00a0\u00bbdccf8c55-7e67-1&Prime;]<div class=\"smile_icon_list_wrap ult_info_list_container ult-adjust-bottom-margin  \"><ul class=\"smile_icon_list left square with_bg\"><li class=\"icon_list_item\" style=\" font-size:72px;\"><div class=\"icon_list_icon\" data-animation=\"pulse\" data-animation-delay=\"03\" style=\"font-size:24px;border-width:1px;border-style:none;background:#ffffff;color:#333333;border-color:#333333;\"><img decoding=\"async\" class=\"list-img-icon\" alt=\"null\" src=\"https:\/\/www.pratiquesorthophoniques2025.fr\/wp-content\/uploads\/2024\/09\/Fav2.png\"\/><\/div><div class=\"icon_description\" id=\"Info-list-wrap-9388\" style=\"font-size:24px;\"><div class=\"icon_description_text ult-responsive\"  data-ultimate-target='#Info-list-wrap-9388 .icon_description_text'  data-responsive-json-new='{\"font-size\":\"desktop:13px;\",\"line-height\":\"desktop:18px;\"}'  style=\"\"><p><strong>Programme du lundi 17 mars 2025<\/strong><\/p>\n<p>8h Accueil des participants<\/p>\n<p>8h45 Introduction de la journ\u00e9e<\/p>\n<p>&nbsp;<\/p>\n<p><strong><br \/>\nRegards sur l\u2019AVC<br \/>\n<\/strong><em>Mod\u00e9ratrice: Claire SAINSON<\/em><\/p>\n<p>9h- 10h00<br \/>\n<strong>L\u2019optimisation de la communication de la personne aphasique<\/strong><br \/>\nIntervenante\u00a0: Elyse SHUMWAY, Orthophoniste, Oakville, Ontario, Canada<\/p>\n<p>10h00-10h30<br \/>\n<strong>Approches m\u00e9tacognitives et psycho\u00e9ducation dans la prise en soin orthophonique<\/strong><br \/>\nIntervenante\u00a0: V\u00e9ronique SABADELL, Orthophoniste, Marseille, France<\/p>\n<p>&nbsp;<\/p>\n<p style=\"text-align: center;\">10h30- 11h00 Pause<\/p>\n<p>&nbsp;<\/p>\n<p>11h00-12h00<br \/>\n<strong>Le r\u00f4le de l&rsquo;orthophoniste dans l&rsquo;aide \u00e0 la prise de d\u00e9cision des personnes aphasiques<\/strong><br \/>\nIntervenant\u00a0: Mark JAYES, Phd, Psychologue, Manchester, United Kingdom<\/p>\n<p>12h00-12h30 <strong>Table ronde<\/strong><br \/>\nQuestions-r\u00e9ponses avec les participants<\/p>\n<p>&nbsp;<\/p>\n<p style=\"text-align: center;\">12h30 \u2013 14h00<br \/>\nPause repas<\/p>\n<p>&nbsp;<\/p>\n<p><strong>Autres troubles neurocognitifs acquis non \u00e9volutifs<br \/>\n<\/strong><em>Mod\u00e9rateur: Joffrey TRAUCHESSEC<\/em><\/p>\n<p>14h- 14h30<br \/>\n<strong>\u00c9valuation des anomies discr\u00e8te : La LAZ50<\/strong><br \/>\nIntervenantes : Claire SAINSON Phd, Orthophoniste, Breteville\/Odon, France<br \/>\net Christelle BOLLORE Orthophoniste, Dozul\u00e9, France<\/p>\n<p>14h30 \u2013 15h<br \/>\n<strong>Fonctions ex\u00e9cutives, \u00e9motions, construction d&rsquo;un projet de vie et anosognosie: quelles pistes d&rsquo;intervention chez nos patients avec l\u00e9sions c\u00e9r\u00e9brales?<\/strong><br \/>\nIntervenante\u00a0: Agata KRASNY-PACINI M\u00e9decin MPR, MCUPH, Strasbourg, France<\/p>\n<p>15h- 15h30<br \/>\n<strong>Les troubles cognitifs induits en canc\u00e9rologie (Cancer Related Cognitive Impairment CRCI): quelle(s) proposition(s) de r\u00e9\u00e9ducation\/r\u00e9adaptation?<\/strong><br \/>\nIntervenante\u00a0: Sophie JACQUIN COURTOIS Phd, m\u00e9decin, Lyon, France<\/p>\n<p>&nbsp;<\/p>\n<p style=\"text-align: center;\">15h30- 16h15 pause<\/p>\n<p>&nbsp;<\/p>\n<p>16h15 \u2013 16h45<br \/>\n<strong>Covid long et cognition<\/strong><br \/>\nIntervenante : M\u00e9lanie ENGELHARDT, Orthophoniste, Service MPR-UNV , CHU de Bordeaux, France<\/p>\n<p>16h45- 17h15<br \/>\n<strong>Les troubles neurologiques fonctionnels<\/strong><br \/>\nIntervenant : Antoine RENARD, Orthophoniste, Salou\u00ebl, France<\/p>\n<p>17h15 \u2013 17h45 <strong>Table ronde<\/strong><br \/>\nQuestions-r\u00e9ponses avec les participants<\/p>\n<\/div><\/div><div class=\"icon_list_connector\"  style=\"border-right-width: 1px;border-right-style: dashed;border-color: #333333;\"><\/div><\/li><\/ul><\/div>[\/vc_tab][vc_tab title=\u00a0\u00bbProgramme du mardi 18 mars 2025&Prime; tab_id=\u00a0\u00bb05ff0dcc-b480-0&Prime;]<div class=\"smile_icon_list_wrap ult_info_list_container ult-adjust-bottom-margin  \"><ul class=\"smile_icon_list left square with_bg\"><li class=\"icon_list_item\" style=\" font-size:72px;\"><div class=\"icon_list_icon\" data-animation=\"\" data-animation-delay=\"03\" style=\"font-size:24px;border-width:1px;border-style:none;background:#ffffff;color:#333333;border-color:#333333;\"><img decoding=\"async\" class=\"list-img-icon\" alt=\"null\" src=\"https:\/\/www.pratiquesorthophoniques2025.fr\/wp-content\/uploads\/2024\/09\/Fav2.png\"\/><\/div><div class=\"icon_description\" id=\"Info-list-wrap-4974\" style=\"font-size:24px;\"><div class=\"icon_description_text ult-responsive\"  data-ultimate-target='#Info-list-wrap-4974 .icon_description_text'  data-responsive-json-new='{\"font-size\":\"desktop:13px;\",\"line-height\":\"desktop:18px;\"}'  style=\"\"><div class=\"icon_description_text ult-responsive\" data-ultimate-target=\"#Info-list-wrap-3981 .icon_description_text\" data-responsive-json-new=\"{&quot;font-size&quot;:&quot;desktop:13px;&quot;,&quot;line-height&quot;:&quot;desktop:18px;&quot;}\">\n<p><strong>Programme du mardi 18 mars 2024<\/strong><\/p>\n<p>8h Accueil des participants<\/p>\n<p>8h45 Introduction de la journ\u00e9e<\/p>\n<p>&nbsp;<\/p>\n<p><strong>Regards sur la maladie d&rsquo;Alzheimer<br \/>\n<\/strong><em>Mod\u00e9ratrice: Christelle BOLLORE<\/em><\/p>\n<p>9h \u2013 9h30<br \/>\n<strong>Imagerie c\u00e9r\u00e9brale et troubles neurocognitifs : du normal au pathologique<\/strong><br \/>\nIntervenant : Marc VERNY, Neurologue, PU-PH, Paris, France<\/p>\n<p>9h30- 10h<br \/>\n<strong>M\u00e9moire \u00e9pisodique : nouvelles perspectives pour l&rsquo;\u00e9valuation et la prise en charge<\/strong><br \/>\nIntervenante : Valentina LA CORTE, Neuropsychologue, Phd en neurosciences, MCU, Universit\u00e9 de Paris Cit\u00e9, France<\/p>\n<p>&nbsp;<\/p>\n<p style=\"text-align: center;\">10h- 10h45 Pause<\/p>\n<p>&nbsp;<\/p>\n<p>10h45- 11h15<br \/>\n<strong>Maladie d\u2019Alzheimer (et pathologies d\u2019Alzheimer)<\/strong><br \/>\nIntervenant : Bruno DUBOIS, Professeur, Neurologue, Paris, France<\/p>\n<p>11h15- 11h45<br \/>\n<strong>Je suis devenu le parent de mes parents: Aider les aidants<\/strong><br \/>\nIntervenant\u00a0: Vincent VALINDUCQ M\u00e9decin g\u00e9n\u00e9raliste, Paris, France<\/p>\n<p>11h45-12h30 <strong>Tables rondes<\/strong><br \/>\nQuestions-r\u00e9ponses avec les participants<\/p>\n<p>&nbsp;<\/p>\n<p style=\"text-align: center;\">12h30 \u2013 13h45<br \/>\nPause repas<\/p>\n<p>&nbsp;<\/p>\n<p><strong>Autres troubles neurocognitifs \u00e9volutifs<br \/>\n<\/strong><em>Mod\u00e9rateur: Antoine RENARD<\/em><\/p>\n<p>14h- 14h30<br \/>\n<strong>Les aphasies primaires progressives : questions autour de la classification<\/strong><br \/>\nIntervenant : Jeremy PARIENTE, Professeur, neurologue, P\u00f4le Neurosciences, H\u00f4pital Pierre-Paul Riquet, Toulouse, France<\/p>\n<p>14h30 \u2013 15h<br \/>\n<strong>Les troubles du langage dans la maladie \u00e0 corps de Lewy<br \/>\n<\/strong>Intervenante : <span data-sheets-formula-bar-text-style=\"font-size:12px;color:#000000;font-weight:normal;text-decoration:none;font-family:'docs-Helvetica';font-style:normal;text-decoration-skip-ink:none;\">Elodie Fabr\u00e8gue, orthophoniste<\/span><\/p>\n<p>15h- 15h30<br \/>\n<span data-sheets-formula-bar-text-style=\"font-size:12px;color:#000000;font-weight:normal;text-decoration:none;font-family:'docs-Helvetica';font-style:normal;text-decoration-skip-ink:none;\"><strong>Scl\u00e9rose en plaques et cognition<\/strong><br \/>\nIntervenantes : Aur\u00e9lie RUET, Professeur, Neurologue, Service de neurologie et maladies inflammatoires du syst\u00e8me nerveux central, CHU Bordeaux, France<br \/>\nDelphine Lamargue MCF, PhD neurosciences, orthophoniste, INSERM-Neurocentre Magendie U1215 \u00e9quipe Relations Glie-neurone, Coll\u00e8ge Sant\u00e9, Universit\u00e9 de Bordeaux.<br \/>\n<\/span><\/p>\n<p>&nbsp;<\/p>\n<p style=\"text-align: center;\">15h30- 16h15 pause<\/p>\n<p>&nbsp;<\/p>\n<p>16h15- 16h45<br \/>\n<strong>Pathologies chroniques, m\u00e9dicaments, alcool et cognition chez le sujet \u00e2g\u00e9<br \/>\n<\/strong>Intervenante: Elise-Marie MINOC, G\u00e9riatre, Honfleur, France<\/p>\n<p>16h45- 17h15<br \/>\n<strong>L\u2019annonce de la maladie d\u2019Alzheimer<\/strong><br \/>\nIntervenant : Thibaud LEBOUVIER, Professeur neurologie, Lille, France<\/p>\n<p>&nbsp;<\/p>\n<p>&nbsp;<\/p>\n<p>17h15 \u2013 17h45 <strong>Tables rondes<\/strong><br \/>\nQuestions-r\u00e9ponses avec les participants<\/p>\n<p>17h45 \u2013 18h <strong>Cl\u00f4ture des journ\u00e9es<\/strong><br \/>\nSynth\u00e8se des journ\u00e9es et prochaines perspectives<\/p>\n<\/div>\n<\/div><\/div><div class=\"icon_list_connector\"  style=\"border-right-width: 1px;border-right-style: dashed;border-color: #333333;\"><\/div><\/li><\/ul><\/div>[\/vc_tab][\/vc_tour][\/vc_column][\/vc_row][vc_row][vc_column][vc_custom_heading text=\u00a0\u00bbNos intervenants\u00a0\u00bb google_fonts=\u00a0\u00bbfont_family:Actor%3Aregular|font_style:400%20regular%3A400%3Anormal\u00a0\u00bb css=\u00a0\u00bb.vc_custom_1731318960920{padding-bottom: 25px !important;}\u00a0\u00bb]<div id=\"ult-carousel-35760051169f3f79cb84d2\" class=\"ult-carousel-wrapper   ult_horizontal\" data-gutter=\"15\" data-rtl=\"false\" ><div class=\"ult-carousel-247968237669f3f79cb83d5 \" >[vc_custom_heading text=\u00a0\u00bbDr Vincent Valinducq\u00a0\u00bb font_container=\u00a0\u00bbtag:h2|text_align:right\u00a0\u00bb use_theme_fonts=\u00a0\u00bbyes\u00a0\u00bb css=\u00a0\u00bb\u00a0\u00bb][vc_hoverbox image=\u00a0\u00bb121&Prime; primary_title=\u00a0\u00bb\u00a0\u00bb hover_title=\u00a0\u00bb\u00a0\u00bb]<strong>Vincent Valinducq<\/strong> est m\u00e9decin g\u00e9n\u00e9raliste \u00e0 Paris. Chroniqueur sant\u00e9 de l\u2019\u00e9mission \u00ab\u00a0Bonjour\u00a0\u00bb, \u00a0ex-docker sur le port du Havre, il a \u00e9t\u00e9 pendant plus d\u2019une d\u00e9cennie, aidant aupr\u00e8s de sa m\u00e8re, Nadine, atteinte d\u2019une maladie apparent\u00e9e \u00e0 Alzheimer. Il a partag\u00e9 son exp\u00e9rience dans un livre dr\u00f4le, pudique et poignant qui retrace le quotidien d\u2019une famille touch\u00e9e par la maladie d\u2019Alzheimer.<\/p>\n<p>&nbsp;<\/p>\n<p>[\/vc_hoverbox][vc_custom_heading text=\u00a0\u00bbPr Bruno DUBOIS\u00a0\u00bb font_container=\u00a0\u00bbtag:h2|text_align:right\u00a0\u00bb use_theme_fonts=\u00a0\u00bbyes\u00a0\u00bb css=\u00a0\u00bb\u00a0\u00bb][vc_hoverbox image=\u00a0\u00bb115&Prime; primary_title=\u00a0\u00bb\u00a0\u00bb hover_title=\u00a0\u00bb\u00a0\u00bb shape=\u00a0\u00bbsquare\u00a0\u00bb]<strong>Bruno Dubois<\/strong> est Professeur de Neurologie \u00e0 l\u2019Universit\u00e9 Pierre et Marie Curie (Paris 6). Il dirige \u00e9galement l\u2019unit\u00e9 de recherche INSERM \u00ab Cognition, Neuro-imagerie et Maladies du Cerveau \u00bb \u00e0 l\u2019Institut du Cerveau et de la Moelle Epini\u00e8re (ICM). Il coordonne le Centre National de R\u00e9f\u00e9rence \u00ab D\u00e9mences Rares \u00bb et le Centre National Multisite \u00ab Malades Alzheimer Jeunes \u00bb.<\/p>\n<p>&nbsp;<\/p>\n<p>&nbsp;<\/p>\n<p>[\/vc_hoverbox][vc_custom_heading text=\u00a0\u00bbDr Valentina La Corte\u00a0\u00bb font_container=\u00a0\u00bbtag:h2|text_align:right\u00a0\u00bb use_theme_fonts=\u00a0\u00bbyes\u00a0\u00bb css=\u00a0\u00bb\u00a0\u00bb][vc_hoverbox image=\u00a0\u00bb125&Prime; primary_title=\u00a0\u00bb\u00a0\u00bb hover_title=\u00a0\u00bb\u00a0\u00bb]<strong>Valentina La Corte<\/strong> est docteur en neuroscience cognitive, neuropsychologue et ma\u00eetre de conf\u00e9rence universitaire en psychologie cognitive \u00e0 l\u2019universit\u00e9 de Paris Cit\u00e9. Ses recherches actuelles portent sur l\u2019investigation des m\u00e9canismes neurocognitifs dans la m\u00e9moire \u00e9pisodique.<\/p>\n<p>&nbsp;<\/p>\n<p>&nbsp;<\/p>\n<p>&nbsp;<\/p>\n<p>[\/vc_hoverbox][vc_custom_heading text=\u00a0\u00bbPr Marc Verny\u00a0\u00bb font_container=\u00a0\u00bbtag:h2|text_align:right\u00a0\u00bb use_theme_fonts=\u00a0\u00bbyes\u00a0\u00bb css=\u00a0\u00bb\u00a0\u00bb][vc_hoverbox image=\u00a0\u00bb131&Prime; primary_title=\u00a0\u00bb\u00a0\u00bb hover_title=\u00a0\u00bb\u00a0\u00bb]<strong>Marc Verny <\/strong>est neurologue, Professeur des Universit\u00e9s &#8211; Praticien Hospitalier \u00e0\u00a0 l\u2019H\u00f4pital de la Salp\u00eatri\u00e8re \u00e0 Paris. Il est membre de l\u2019\u00e9quipe de Christian Neri (Ph.D. Research Director at INSERM) Team Neuronal Cell Biology &amp; Pathology, INSTITUTE OF BIOLOGY PARIS-SEINE (IBPS), CNRS UMR8256 Biology of Adaptation and Aging. Il enseigne \u00e0 la Sorbonne Universit\u00e9.<\/p>\n<p>[\/vc_hoverbox][vc_custom_heading text=\u00a0\u00bbPr Jeremy PARIENTE\u00a0\u00bb font_container=\u00a0\u00bbtag:h2|text_align:right\u00a0\u00bb use_theme_fonts=\u00a0\u00bbyes\u00a0\u00bb css=\u00a0\u00bb\u00a0\u00bb][vc_hoverbox image=\u00a0\u00bb134&Prime; primary_title=\u00a0\u00bb\u00a0\u00bb hover_title=\u00a0\u00bb\u00a0\u00bb]<strong>Jeremy PARIENTE<\/strong> est neurologue, Professeur des Universit\u00e9s &#8211; Praticien Hospitalier au CHU de Toulouse. Il est responsable du Service de Neurologie Cognitive et Comportementale et de l\u2019Unit\u00e9 de Neuropsychologie &#8211; Centre M\u00e9moire et Langage, CMR, CHU Toulouse Purpan. Il dirige \u00e9galement le Centre de R\u00e9f\u00e9rence Constitutif des Syndromes Paran\u00e9oplasiques et Enc\u00e9phalites Auto-Immunes(2023).<\/p>\n<p>[\/vc_hoverbox][vc_custom_heading text=\u00a0\u00bbElyse SHUMWAY\u00a0\u00bb font_container=\u00a0\u00bbtag:h2|text_align:right\u00a0\u00bb use_theme_fonts=\u00a0\u00bbyes\u00a0\u00bb css=\u00a0\u00bb\u00a0\u00bb][vc_hoverbox image=\u00a0\u00bb221&Prime; primary_title=\u00a0\u00bb\u00a0\u00bb hover_title=\u00a0\u00bb\u00a0\u00bb]<strong>Elyse SHUMWAY<\/strong> est orthophoniste, directrice des services cliniques et d\u2019\u00e9ducation \u00e0 l\u2019Aphasia Institute \u00e0 Toronto. Elle supervise la mise en \u0153uvre des programmes et des services, en veillant \u00e0 l&rsquo;application des normes professionnelles et organisationnelles et des mod\u00e8les de prestation en orthophonie. Au sein de l\u2019universit\u00e9 de Toronto, elle m\u00e8ne divers projets de recherche.<\/p>\n<p>[\/vc_hoverbox][vc_custom_heading text=\u00a0\u00bbDr V\u00e9ronique SABADELL\u00a0\u00bb font_container=\u00a0\u00bbtag:h2|text_align:right\u00a0\u00bb use_theme_fonts=\u00a0\u00bbyes\u00a0\u00bb css=\u00a0\u00bb\u00a0\u00bb][vc_hoverbox image=\u00a0\u00bb141&Prime; primary_title=\u00a0\u00bb\u00a0\u00bb hover_title=\u00a0\u00bb\u00a0\u00bb]<strong>V\u00e9ronique SABADELL<\/strong> est docteur en neurosciences et orthophoniste dans le Service de Neurologie et Neuropsychologie \u00e0 Assistance Publique H\u00f4pitaux de Marseille, en charge des consultations m\u00e9moire et de la prise en charge des patients victimes d\u2019AVC en phase aigu\u00eb. Elle est charg\u00e9e d\u2019enseignement, responsable du module \u00ab Pathologies Neurologiques \u00bb, coordinatrice p\u00e9dagogique au sein du centre de formation en orthophonie de l\u2019universit\u00e9 d\u2019Aix-Marseille.<\/p>\n<p>[\/vc_hoverbox][vc_custom_heading text=\u00a0\u00bbDr Mark JAYES\u00a0\u00bb font_container=\u00a0\u00bbtag:h2|text_align:right\u00a0\u00bb use_theme_fonts=\u00a0\u00bbyes\u00a0\u00bb css=\u00a0\u00bb\u00a0\u00bb][vc_hoverbox image=\u00a0\u00bb145&Prime; primary_title=\u00a0\u00bb\u00a0\u00bb hover_title=\u00a0\u00bb\u00a0\u00bb]<strong>Mark JAYES<\/strong> est chercheur clinicien et orthophoniste. Il travaille actuellement en tant que chercheur en handicap de la communication \u00e0 l&rsquo;Universit\u00e9 m\u00e9tropolitaine de Manchester, o\u00f9 il est charg\u00e9 d&rsquo;initier et de diriger des projets de recherche nationaux et internationaux. Il s&rsquo;int\u00e9resse aux besoins des personnes souffrant de troubles de la communication au cours du processus de prise de d\u00e9cision.<\/p>\n<p>&nbsp;<\/p>\n<p>[\/vc_hoverbox][vc_custom_heading text=\u00a0\u00bbDr Claire SAINSON\u00a0\u00bb font_container=\u00a0\u00bbtag:h2|text_align:right\u00a0\u00bb use_theme_fonts=\u00a0\u00bbyes\u00a0\u00bb css=\u00a0\u00bb\u00a0\u00bb][vc_hoverbox image=\u00a0\u00bb151&Prime; primary_title=\u00a0\u00bb\u00a0\u00bb hover_title=\u00a0\u00bb\u00a0\u00bb]<strong>Claire SAINSON<\/strong> est orthophoniste et PhD. Elle est sp\u00e9cialis\u00e9e en neurologie de l\u2019adulte et tr\u00e8s attach\u00e9e \u00e0 l\u2019\u00e9thique, \u00e0 l\u2019auto-d\u00e9termination du patient quant aux d\u00e9cisions qui le concernent et \u00e0 l\u2019implication des aidants dans les soins. Charg\u00e9e d\u2019enseignement depuis 2008 dans diff\u00e9rents CFUO (Poitiers, Rouen\u2026) et formatrice, elle est membre du comit\u00e9 scientifique de Neuroformations. Elle est \u00e9galement CEO de cognlab.<\/p>\n<p>[\/vc_hoverbox][vc_custom_heading text=\u00a0\u00bbChristelle BOLLORE\u00a0\u00bb font_container=\u00a0\u00bbtag:h2|text_align:right\u00a0\u00bb use_theme_fonts=\u00a0\u00bbyes\u00a0\u00bb css=\u00a0\u00bb\u00a0\u00bb][vc_hoverbox image=\u00a0\u00bb153&Prime; primary_title=\u00a0\u00bb\u00a0\u00bb hover_title=\u00a0\u00bb\u00a0\u00bb]<strong>Christelle BOLLORE<\/strong> <span class=\"x4k7w5x x1h91t0o x1h9r5lt x1jfb8zj xv2umb2 x1beo9mf xaigb6o x12ejxvf x3igimt xarpa2k xedcshv x1lytzrv x1t2pt76 x7ja8zs x1qrby5j\"><span class=\"x193iq5w xeuugli x13faqbe x1vvkbs xlh3980 xvmahel x1n0sxbx x1lliihq x1s928wv xhkezso x1gmr53x x1cpjm7i x1fgarty x1943h6x xudqn12 x3x7a5m x6prxxf xvq8zen xo1l8bm xzsf02u\" dir=\"auto\">est orthophoniste, formatrice, encadrante de m\u00e9moires et consacre une partie de son temps \u00e0 la recherche clinique autour des troubles lexicaux discrets en aphasiologie et l\u2019implication des proches aidants dans la prise en soins. Membre du comit\u00e9 scientifique de Neuroformations, elle a co fond\u00e9 Cognlab, espace de ressources pour les orthophonistes, les patients et leurs aidants. <\/span><\/span>[\/vc_hoverbox][vc_custom_heading text=\u00a0\u00bbAntoine RENARD\u00a0\u00bb font_container=\u00a0\u00bbtag:h2|text_align:right\u00a0\u00bb use_theme_fonts=\u00a0\u00bbyes\u00a0\u00bb css=\u00a0\u00bb\u00a0\u00bb][vc_hoverbox image=\u00a0\u00bb26&Prime; primary_title=\u00a0\u00bb\u00a0\u00bb hover_title=\u00a0\u00bb\u00a0\u00bb]<strong>Antoine RENARD<\/strong> est orthophoniste et titulaire d\u2019un Master 2 Recherche en Neuropsychologie et Neurosciences cliniques. Formateur et charg\u00e9 de cours universitaire, il pr\u00e9pare actuellement une th\u00e8se avec Steve Majerus. Il s\u2019int\u00e9resse aux troubles du langage dans les pathologies neurod\u00e9g\u00e9n\u00e9ratives de l&rsquo;adulte.<\/p>\n<p>&nbsp;<\/p>\n<p>&nbsp;<\/p>\n<p>[\/vc_hoverbox][vc_custom_heading text=\u00a0\u00bbM\u00e9lanie ENGELHARDT\u00a0\u00bb font_container=\u00a0\u00bbtag:h2|text_align:right\u00a0\u00bb use_theme_fonts=\u00a0\u00bbyes\u00a0\u00bb css=\u00a0\u00bb\u00a0\u00bb][vc_hoverbox image=\u00a0\u00bb159&Prime; primary_title=\u00a0\u00bb\u00a0\u00bb hover_title=\u00a0\u00bb\u00a0\u00bb]<strong>M\u00e9lanie ENGELHARDT<\/strong> est orthophoniste en MPR et en UNV au sein du CHU de Bordeaux. Elle est charg\u00e9e d\u2019enseignement au CFUO de Bordeaux dans les U.E. bilan et intervention en aphasiologie et bilan et intervention dans les troubles cognitivo-linguistiques acquis. Elle participe en tant qu\u2019orthophoniste associ\u00e9e \u00e0 plusieurs Protocoles Hospitaliers de Recherche Clinique. (REPREO REPREO-SCED DECATRAC).<\/p>\n<p>[\/vc_hoverbox][vc_custom_heading text=\u00a0\u00bbPr. Sophie JACQUIN-COURTOIS\u00a0\u00bb font_container=\u00a0\u00bbtag:h2|text_align:right\u00a0\u00bb use_theme_fonts=\u00a0\u00bbyes\u00a0\u00bb css=\u00a0\u00bb\u00a0\u00bb][vc_hoverbox image=\u00a0\u00bb161&Prime; primary_title=\u00a0\u00bb\u00a0\u00bb hover_title=\u00a0\u00bb\u00a0\u00bb]<strong>Sophie JACQUIN COURTOIS<\/strong> est Professeur de M\u00e9decine Physique et de R\u00e9adaptation aux Hospices Civils de Lyon, France. Elle s\u2019int\u00e9resse \u00e0 la r\u00e9\u00e9ducation neurologique chez les patients c\u00e9r\u00e9brol\u00e9s\u00e9s adultes mais \u00e9galement dans le contexte des troubles li\u00e9es au cancer et \u00e0 ses traitements. Elle fait partie du Centre de Recherche de Neurosciences de Lyon, au sein de l\u2019\u00e9quipe Trajectoires.<\/p>\n<p>[\/vc_hoverbox][vc_custom_heading text=\u00a0\u00bbPr Aur\u00e9lie RUET\u00a0\u00bb font_container=\u00a0\u00bbtag:h2|text_align:right\u00a0\u00bb use_theme_fonts=\u00a0\u00bbyes\u00a0\u00bb css=\u00a0\u00bb\u00a0\u00bb][vc_hoverbox image=\u00a0\u00bb165&Prime; primary_title=\u00a0\u00bb\u00a0\u00bb hover_title=\u00a0\u00bb\u00a0\u00bb]<strong>Aur\u00e9lie RUET <\/strong>est professeur de neurologie et travaille actuellement au P\u00f4le neurosciences cliniques (Groupe hospitalier Pellegrin) du Centre Hospitalier Universitaire de Bordeaux et \u00e0 l&rsquo;Unit\u00e9 INSERM U1215 de Brodeaux. Elle concentre ses recherches sur la cognition dans la scl\u00e9rose en plaques (SEP) \u00e0 partir de donn\u00e9es cliniques neuropsychologiques et d&rsquo;imagerie.<\/p>\n<p>[\/vc_hoverbox][vc_custom_heading text=\u00a0\u00bbDr Agata KRASNY-PACINI\u00a0\u00bb font_container=\u00a0\u00bbtag:h2|text_align:right\u00a0\u00bb use_theme_fonts=\u00a0\u00bbyes\u00a0\u00bb css=\u00a0\u00bb\u00a0\u00bb][vc_hoverbox image=\u00a0\u00bb167&Prime; primary_title=\u00a0\u00bb\u00a0\u00bb hover_title=\u00a0\u00bb\u00a0\u00bb]<strong>Agata KRASNY-PACINI<\/strong> est ma\u00eetre de conf\u00e9rences \u00e0 l\u2019universit\u00e9 de Strasbourg et m\u00e9decin de MPR, responsable de l\u2019unit\u00e9 EMOI-TC \u00e0 l\u2019Institut Universitaire de R\u00e9adaptation Clemenceau Strasbourg. Elle enseigne notamment dans les cursus d\u2019orthophonie, de m\u00e9decine, de neuropsychologie et de psychologie TCC.<\/p>\n<p>[\/vc_hoverbox][vc_custom_heading text=\u00a0\u00bbDr Elise-Marie MINOC\u00a0\u00bb font_container=\u00a0\u00bbtag:h2|text_align:right\u00a0\u00bb use_theme_fonts=\u00a0\u00bbyes\u00a0\u00bb css=\u00a0\u00bb\u00a0\u00bb][vc_hoverbox image=\u00a0\u00bb235&Prime; primary_title=\u00a0\u00bb\u00a0\u00bb hover_title=\u00a0\u00bb\u00a0\u00bb]<strong>Elise-Marie MINCO<\/strong> est m\u00e9decin G\u00e9riatre de la Consultation M\u00e9moire du Centre Hospitalier de la C\u00f4te Fleurie, Honfleur<\/p>\n<p>[\/vc_hoverbox]<\/div><\/div>\t\t\t<script type=\"text\/javascript\">\n\t\t\t\tjQuery(document).ready(function ($) {\n\t\t\t\t\tif( typeof jQuery('.ult-carousel-247968237669f3f79cb83d5').slick == \"function\"){\n\t\t\t\t\t\t$('.ult-carousel-247968237669f3f79cb83d5').slick({dots: true,autoplay: true,autoplaySpeed: \"5000\",speed: \"300\",infinite: true,arrows: true,nextArrow: '<button type=\"button\" role=\"button\" aria-label=\"Next\" style=\"color:#333333; font-size:20px;\" class=\"slick-next default\"><i class=\"ultsl-arrow-right4\"><\/i><\/button>',prevArrow: '<button type=\"button\" role=\"button\" aria-label=\"Previous\" style=\"color:#333333; font-size:20px;\" class=\"slick-prev default\"><i class=\"ultsl-arrow-left4\"><\/i><\/button>',slidesToScroll:4,slidesToShow:4,swipe: true,draggable: true,touchMove: true,pauseOnHover: true,pauseOnFocus: false,responsive: [\n\t\t\t\t\t\t\t{\n\t\t\t\t\t\t\t  breakpoint: 1026,\n\t\t\t\t\t\t\t  settings: {\n\t\t\t\t\t\t\t\tslidesToShow: 4,\n\t\t\t\t\t\t\t\tslidesToScroll: 4,  \n\t\t\t\t\t\t\t  }\n\t\t\t\t\t\t\t},\n\t\t\t\t\t\t\t{\n\t\t\t\t\t\t\t  breakpoint: 1025,\n\t\t\t\t\t\t\t  settings: {\n\t\t\t\t\t\t\t\tslidesToShow: 4,\n\t\t\t\t\t\t\t\tslidesToScroll: 4\n\t\t\t\t\t\t\t  }\n\t\t\t\t\t\t\t},\n\t\t\t\t\t\t\t{\n\t\t\t\t\t\t\t  breakpoint: 760,\n\t\t\t\t\t\t\t  settings: {\n\t\t\t\t\t\t\t\tslidesToShow: 2,\n\t\t\t\t\t\t\t\tslidesToScroll: 2\n\t\t\t\t\t\t\t  }\n\t\t\t\t\t\t\t}\n\t\t\t\t\t\t],pauseOnDotsHover: true,customPaging: function(slider, i) {\n                   return '<i type=\"button\" style= \"color:#333333;\" class=\"ultsl-record\" data-role=\"none\"><\/i>';\n                },});\n\t\t\t\t\t}\n\t\t\t\t});\n\t\t\t<\/script>\n\t\t\t[\/vc_column][\/vc_row][vc_row][vc_column width=\u00a0\u00bb1\/2&Prime;][vc_btn title=\u00a0\u00bbS&rsquo;incrire en pr\u00e9sentiel\u00a0\u00bb style=\u00a0\u00bb3d\u00a0\u00bb color=\u00a0\u00bbjuicy-pink\u00a0\u00bb size=\u00a0\u00bblg\u00a0\u00bb align=\u00a0\u00bbcenter\u00a0\u00bb css=\u00a0\u00bb\u00a0\u00bb button_block=\u00a0\u00bbtrue\u00a0\u00bb smooth_scroll=\u00a0\u00bbtrue\u00a0\u00bb link=\u00a0\u00bburl:https%3A%2F%2Fwww.neuroformations.net%2Fnos-formations%2Fpratiques-orthophoniques-perspectives-en-neurologie-2025-presentiel%2F|target:_blank\u00a0\u00bb][\/vc_column][vc_column width=\u00a0\u00bb1\/2&Prime;][vc_btn title=\u00a0\u00bbS&rsquo;incrire en distanciel\u00a0\u00bb style=\u00a0\u00bb3d\u00a0\u00bb color=\u00a0\u00bbjuicy-pink\u00a0\u00bb size=\u00a0\u00bblg\u00a0\u00bb align=\u00a0\u00bbcenter\u00a0\u00bb css=\u00a0\u00bb\u00a0\u00bb button_block=\u00a0\u00bbtrue\u00a0\u00bb smooth_scroll=\u00a0\u00bbtrue\u00a0\u00bb link=\u00a0\u00bburl:https%3A%2F%2Fwww.neuroformations.net%2Fnos-formations%2Fpratiques-orthophoniques-perspectives-en-neurologie-2025-distanciel%2F|target:_blank\u00a0\u00bb][\/vc_column][\/vc_row][vc_row full_width=\u00a0\u00bbstretch_row\u00a0\u00bb bg_type=\u00a0\u00bbbg_color\u00a0\u00bb bg_color_value=\u00a0\u00bb#f7c9c0&Prime;][vc_column width=\u00a0\u00bb1\/2&Prime;][vc_column_text css=\u00a0\u00bb\u00a0\u00bb]<strong>Tarifs en pr\u00e9sentiel<\/strong><\/p>\n<p>Lib\u00e9ral 350 euros (<strong>300 premiers inscrits<\/strong>) \/ 390 euros<\/p>\n<p>Salari\u00e9 500 euros<\/p>\n<p>Etudiants en orthophonie 75 euros (sur justificatif)<\/p>\n<p>Repas non compris. Pauses comprises.<\/p>\n<p><strong>Tarifs en distanciel (Replay disponible pendant 2 mois)<\/strong><\/p>\n<p>Lib\u00e9ral 350 euros (<strong>200 premiers inscrits<\/strong>) \/ 390 euros<\/p>\n<p>Salari\u00e9 500 euros<\/p>\n<p>\u00c9tudiants en orthophonie 75 euros (sur justificatif)<\/p>\n<p>Repas et pauses non compris.[\/vc_column_text][\/vc_column][vc_column width=\u00a0\u00bb1\/2&Prime;][vc_column_text css=\u00a0\u00bb\u00a0\u00bb]<strong>Modalit\u00e9s de r\u00e8glement<\/strong><\/p>\n<p>Paiement\u00a0 imm\u00e9diat CB en 1 ou 4 fois sans frais<\/p>\n<p>Paiement imm\u00e9diat par virement en 1 fois<\/p>\n<p>Paiement par ch\u00e8que encaiss\u00e9 1 mois avant le congr\u00e8s<\/p>\n<p><strong>Comment financer votre congr\u00e8s ?<br \/>\n<\/strong><\/p>\n<p>FIFPL Valid\u00e9<br \/>\nVous pouvez \u00e9galement b\u00e9n\u00e9ficier en 2025 d\u2019un cr\u00e9dit d\u2019imp\u00f4t (dirigeant d\u2019entreprise).<br \/>\nPas de DPC.[\/vc_column_text][\/vc_column][\/vc_row][vc_row][vc_column][vc_custom_heading text=\u00a0\u00bbContactez-nous\u00a0\u00bb use_theme_fonts=\u00a0\u00bbyes\u00a0\u00bb css=\u00a0\u00bb\u00a0\u00bb]<div class=\"wpforms-container wpforms-container-full wpforms-render-modern\" id=\"wpforms-56\"><form id=\"wpforms-form-56\" class=\"wpforms-validate wpforms-form wpforms-ajax-form\" data-formid=\"56\" method=\"post\" enctype=\"multipart\/form-data\" action=\"\/index.php?rest_route=%2Fwp%2Fv2%2Fpages%2F8\" data-token=\"d4584f6304cdde567162d5b9a9f27375\" data-token-time=\"1777596316\"><noscript class=\"wpforms-error-noscript\">Veuillez activer JavaScript dans votre navigateur pour remplir ce formulaire.<\/noscript><div class=\"wpforms-hidden\" id=\"wpforms-error-noscript\">Veuillez activer JavaScript dans votre navigateur pour remplir ce formulaire.<\/div><div class=\"wpforms-field-container\"><div id=\"wpforms-56-field_1-container\" class=\"wpforms-field wpforms-field-name\" data-field-id=\"1\"><fieldset><legend class=\"wpforms-field-label\">Nom <span class=\"wpforms-required-label\" aria-hidden=\"true\">*<\/span><\/legend><div class=\"wpforms-field-row wpforms-field-medium\"><div class=\"wpforms-field-row-block wpforms-first wpforms-one-half\"><input type=\"text\" id=\"wpforms-56-field_1\" class=\"wpforms-field-name-first wpforms-field-required\" name=\"wpforms[fields][1][first]\" aria-errormessage=\"wpforms-56-field_1-error\" required><label for=\"wpforms-56-field_1\" class=\"wpforms-field-sublabel after\">Pr\u00e9nom<\/label><\/div><div class=\"wpforms-field-row-block wpforms-one-half\"><input type=\"text\" id=\"wpforms-56-field_1-last\" class=\"wpforms-field-name-last wpforms-field-required\" name=\"wpforms[fields][1][last]\" aria-errormessage=\"wpforms-56-field_1-last-error\" required><label for=\"wpforms-56-field_1-last\" class=\"wpforms-field-sublabel after\">Nom<\/label><\/div><\/div><\/fieldset><\/div><div id=\"wpforms-56-field_2-container\" class=\"wpforms-field wpforms-field-email\" data-field-id=\"2\"><label class=\"wpforms-field-label\" for=\"wpforms-56-field_2\">E-mail <span class=\"wpforms-required-label\" aria-hidden=\"true\">*<\/span><\/label><input type=\"email\" id=\"wpforms-56-field_2\" class=\"wpforms-field-medium wpforms-field-required\" name=\"wpforms[fields][2]\" spellcheck=\"false\" aria-errormessage=\"wpforms-56-field_2-error\" required><\/div><div id=\"wpforms-56-field_3-container\" class=\"wpforms-field wpforms-field-textarea\" data-field-id=\"3\"><label class=\"wpforms-field-label\" for=\"wpforms-56-field_3\">Commentaire ou message<\/label><textarea id=\"wpforms-56-field_3\" class=\"wpforms-field-medium\" name=\"wpforms[fields][3]\" aria-errormessage=\"wpforms-56-field_3-error\" ><\/textarea><\/div><\/div><!-- .wpforms-field-container --><div class=\"wpforms-submit-container\" ><input type=\"hidden\" name=\"wpforms[id]\" value=\"56\"><input type=\"hidden\" name=\"page_title\" value=\"\"><input type=\"hidden\" name=\"page_url\" value=\"https:\/\/www.pratiquesorthophoniques2025.fr\/index.php?rest_route=%2Fwp%2Fv2%2Fpages%2F8\"><button type=\"submit\" name=\"wpforms[submit]\" id=\"wpforms-submit-56\" class=\"wpforms-submit\" data-alt-text=\"Envoi...\" data-submit-text=\"Envoyer\" aria-live=\"assertive\" value=\"wpforms-submit\">Envoyer<\/button><img loading=\"lazy\" decoding=\"async\" src=\"https:\/\/www.pratiquesorthophoniques2025.fr\/wp-content\/plugins\/wpforms-lite\/assets\/images\/submit-spin.svg\" class=\"wpforms-submit-spinner\" style=\"display: none;\" width=\"26\" height=\"26\" alt=\"Chargement en cours\"><\/div><\/form><\/div>  <!-- .wpforms-container -->[\/vc_column][\/vc_row][vc_row full_width=\u00a0\u00bbstretch_row\u00a0\u00bb bg_type=\u00a0\u00bbbg_color\u00a0\u00bb bg_color_value=\u00a0\u00bb#f7c9c0&Prime; css=\u00a0\u00bb.vc_custom_1728289514934{margin-bottom: -50px !important;}\u00a0\u00bb][vc_column][vc_custom_heading text=\u00a0\u00bbNos Partenaires\u00a0\u00bb use_theme_fonts=\u00a0\u00bbyes\u00a0\u00bb css=\u00a0\u00bb\u00a0\u00bb]<style type=\"text\/css\" data-type=\"the7_shortcodes-inline-css\">.gallery-carousel-shortcode.gallery-carousel-shortcode-id-b644037467fc8b61d6ae6323ca6538ce.owl-carousel .owl-nav div {\n  width: 36px;\n  height: 36px;\n  border-radius: 500px;\n}\n.dt-arrow-border-on.gallery-carousel-shortcode.gallery-carousel-shortcode-id-b644037467fc8b61d6ae6323ca6538ce.owl-carousel .owl-nav div:not(:hover):before {\n  border-width: 0px;\n}\n.dt-arrow-hover-border-on.gallery-carousel-shortcode.gallery-carousel-shortcode-id-b644037467fc8b61d6ae6323ca6538ce.owl-carousel .owl-nav div:hover:after {\n  border-width: 0px;\n}\n.gallery-carousel-shortcode.gallery-carousel-shortcode-id-b644037467fc8b61d6ae6323ca6538ce.owl-carousel .owl-nav div.owl-prev {\n  top: 50%;\n  transform: translateY(calc(-50% + 0px));\n  left: -43px;\n}\n@media all and (-ms-high-contrast: none) {\n  .gallery-carousel-shortcode.gallery-carousel-shortcode-id-b644037467fc8b61d6ae6323ca6538ce.owl-carousel .owl-nav div.owl-prev {\n    transform: translateY(-50%);\n    margin-top: 0px;\n  }\n}\n.gallery-carousel-shortcode.gallery-carousel-shortcode-id-b644037467fc8b61d6ae6323ca6538ce.owl-carousel .owl-nav div.owl-prev i {\n  padding: 0px 0px 0px 0px;\n}\n.gallery-carousel-shortcode.gallery-carousel-shortcode-id-b644037467fc8b61d6ae6323ca6538ce.owl-carousel .owl-nav div.owl-next {\n  top: 50%;\n  transform: translateY(calc(-50% + 0px));\n  right: -43px;\n}\n@media all and (-ms-high-contrast: none) {\n  .gallery-carousel-shortcode.gallery-carousel-shortcode-id-b644037467fc8b61d6ae6323ca6538ce.owl-carousel .owl-nav div.owl-next {\n    transform: translateY(-50%);\n    margin-top: 0px;\n  }\n}\n.gallery-carousel-shortcode.gallery-carousel-shortcode-id-b644037467fc8b61d6ae6323ca6538ce.owl-carousel .owl-nav div.owl-next i {\n  padding: 0px 0px 0px 0px;\n}\n.gallery-carousel-shortcode.gallery-carousel-shortcode-id-b644037467fc8b61d6ae6323ca6538ce.owl-carousel .owl-nav i {\n  font-size: 18px;\n}\n.gallery-carousel-shortcode.gallery-carousel-shortcode-id-b644037467fc8b61d6ae6323ca6538ce.owl-carousel .owl-nav div:not(:hover) i,\n.gallery-carousel-shortcode.gallery-carousel-shortcode-id-b644037467fc8b61d6ae6323ca6538ce.owl-carousel .owl-nav div:not(:hover) i:before {\n  color: #ffffff;\n  background: none;\n}\n.gallery-carousel-shortcode.gallery-carousel-shortcode-id-b644037467fc8b61d6ae6323ca6538ce.owl-carousel .owl-nav div:hover i,\n.gallery-carousel-shortcode.gallery-carousel-shortcode-id-b644037467fc8b61d6ae6323ca6538ce.owl-carousel .owl-nav div:hover i:before {\n  color: rgba(255,255,255,0.75);\n  background: none;\n}\n.gallery-carousel-shortcode.gallery-carousel-shortcode-id-b644037467fc8b61d6ae6323ca6538ce .owl-dots {\n  top: calc(100% + 20px);\n  left: 50%;\n  transform: translateX(calc(-50% + 0px));\n}\n@media all and (-ms-high-contrast: none) {\n  .gallery-carousel-shortcode.gallery-carousel-shortcode-id-b644037467fc8b61d6ae6323ca6538ce .owl-dots {\n    transform: translateX(-50%);\n    margin-left: 0px;\n  }\n}\n.gallery-carousel-shortcode.gallery-carousel-shortcode-id-b644037467fc8b61d6ae6323ca6538ce .owl-dot {\n  width: 10px;\n  height: 10px;\n  margin: 0 8px;\n}\n@media screen and (max-width: 778px) {\n  .gallery-carousel-shortcode.gallery-carousel-shortcode-id-b644037467fc8b61d6ae6323ca6538ce.hide-arrows .owl-nav a {\n    display: none;\n  }\n}\n@media screen and (max-width: 778px) {\n  .gallery-carousel-shortcode.gallery-carousel-shortcode-id-b644037467fc8b61d6ae6323ca6538ce.reposition-arrows .owl-nav .owl-prev {\n    top: 50%;\n    transform: translateY(calc(-50% + 0px));\n    left: 10px;\n  }\n  .gallery-carousel-shortcode.gallery-carousel-shortcode-id-b644037467fc8b61d6ae6323ca6538ce.reposition-arrows .owl-nav .owl-next {\n    top: 50%;\n    transform: translateY(calc(-50% + 0px));\n    right: 10px;\n  }\n}\n@media screen and (max-width: 778px) and all and (-ms-high-contrast: none) {\n  .gallery-carousel-shortcode.gallery-carousel-shortcode-id-b644037467fc8b61d6ae6323ca6538ce.reposition-arrows .owl-nav .owl-prev {\n    transform: translateY(-50%);\n    margin-top: 0px;\n  }\n}\n@media screen and (max-width: 778px) and all and (-ms-high-contrast: none) {\n  .gallery-carousel-shortcode.gallery-carousel-shortcode-id-b644037467fc8b61d6ae6323ca6538ce.reposition-arrows .owl-nav .owl-next {\n    transform: translateY(-50%);\n    margin-top: 0px;\n  }\n}\n.gallery-carousel-shortcode.gallery-carousel-shortcode-id-b644037467fc8b61d6ae6323ca6538ce figure,\n.gallery-carousel-shortcode.gallery-carousel-shortcode-id-b644037467fc8b61d6ae6323ca6538ce .rollover,\n.gallery-carousel-shortcode.gallery-carousel-shortcode-id-b644037467fc8b61d6ae6323ca6538ce img,\n.gallery-carousel-shortcode.gallery-carousel-shortcode-id-b644037467fc8b61d6ae6323ca6538ce .gallery-rollover {\n  border-radius: 0px;\n}\n.gallery-carousel-shortcode.gallery-carousel-shortcode-id-b644037467fc8b61d6ae6323ca6538ce.enable-bg-rollover .gallery-rollover {\n  background: -webkit-linear-gradient();\n  background: linear-gradient();\n}\n.gallery-carousel-shortcode.gallery-carousel-shortcode-id-b644037467fc8b61d6ae6323ca6538ce.enable-img-shadow .owl-stage-outer {\n  padding: 14px 0;\n}\n.gallery-carousel-shortcode.gallery-carousel-shortcode-id-b644037467fc8b61d6ae6323ca6538ce.enable-bg-rollover.hover-scale figure .rollover:after {\n  background: -webkit-linear-gradient();\n  background: linear-gradient();\n}\n.gallery-carousel-shortcode.gallery-carousel-shortcode-id-b644037467fc8b61d6ae6323ca6538ce.gallery-shortcode .gallery-zoom-ico {\n  width: 44px;\n  height: 44px;\n  line-height: 44px;\n  border-radius: 100px;\n  margin: -22px 0 0 -22px;\n  border-width: 0px;\n}\n.dt-icon-bg-on.gallery-carousel-shortcode.gallery-carousel-shortcode-id-b644037467fc8b61d6ae6323ca6538ce.gallery-shortcode .gallery-zoom-ico {\n  background: rgba(255,255,255,0.3);\n  box-shadow: none;\n}\n.gallery-carousel-shortcode.gallery-carousel-shortcode-id-b644037467fc8b61d6ae6323ca6538ce.gallery-shortcode .gallery-zoom-ico:before,\n.gallery-carousel-shortcode.gallery-carousel-shortcode-id-b644037467fc8b61d6ae6323ca6538ce.gallery-shortcode .gallery-zoom-ico span {\n  font-size: 32px;\n  line-height: 44px;\n  color: #ffffff;\n  background: none;\n}\n<\/style><div class=\"owl-carousel gallery-carousel-shortcode gallery-shortcode  dt-gallery-container dt-owl-carousel-call gallery-carousel-shortcode-id-b644037467fc8b61d6ae6323ca6538ce quick-scale-img meta-info-off dt-arrow-border-on dt-arrow-hover-border-on bullets-small-dot-stroke reposition-arrows dt-icon-bg-off arrows-bg-on disable-arrows-hover-bg arrows-hover-bg-on  hover-fade \" data-scroll-mode=\"page\" data-col-num=\"4\" data-wide-col-num=\"4\" data-laptop-col=\"4\" data-h-tablet-columns-num=\"4\" data-v-tablet-columns-num=\"3\" data-phone-columns-num=\"1\" data-col-gap=\"10\" data-stage-padding=\"0\" data-speed=\"600\" data-autoplay=\"true\" data-autoplay_speed=\"6000\" data-arrows=\"true\" data-bullet=\"false\" data-next-icon=\"icon-ar-017-r\" data-prev-icon=\"icon-ar-017-l\" data-img-shadow-size=\"12px\" data-img-shadow-spread=\"3px\"><div data-post-id=\"173\" data-date=\"2024-11-11T12:23:15+01:00\" data-name=\"logo-citinspir\"><figure class=\"post\"><a href=\"https:\/\/www.pratiquesorthophoniques2025.fr\/wp-content\/uploads\/2024\/11\/logo-citinspir.png\" class=\"rollover dt-pswp-item layzr-bg\" data-large_image_width=\"466\" data-large_image_height=\"137\" data-dt-img-description=\"\" title=\"logo-citinspir\"><img fetchpriority=\"high\" decoding=\"async\" class=\"preload-me owl-lazy-load aspect\" src=\"data:image\/svg+xml,%3Csvg%20xmlns%3D&#39;http%3A%2F%2Fwww.w3.org%2F2000%2Fsvg&#39;%20viewBox%3D&#39;0%200%20466%20137&#39;%2F%3E\" data-src=\"https:\/\/www.pratiquesorthophoniques2025.fr\/wp-content\/uploads\/2024\/11\/logo-citinspir.png\" data-srcset=\"https:\/\/www.pratiquesorthophoniques2025.fr\/wp-content\/uploads\/2024\/11\/logo-citinspir.png 466w\" loading=\"eager\" style=\"--ratio: 466 \/ 137\" sizes=\"(max-width: 466px) 100vw, 466px\" alt=\"\" width=\"466\" height=\"137\"  \/><span class=\"gallery-rollover\"><\/span><\/a><\/figure><\/div><div data-post-id=\"175\" data-date=\"2024-11-11T12:23:50+01:00\" data-name=\"LO\"><figure class=\"post\"><a href=\"https:\/\/www.pratiquesorthophoniques2025.fr\/wp-content\/uploads\/2024\/11\/LO.png\" class=\"rollover dt-pswp-item layzr-bg\" data-large_image_width=\"3500\" data-large_image_height=\"400\" data-dt-img-description=\"\" title=\"LO\"><img decoding=\"async\" class=\"preload-me owl-lazy-load aspect\" src=\"data:image\/svg+xml,%3Csvg%20xmlns%3D&#39;http%3A%2F%2Fwww.w3.org%2F2000%2Fsvg&#39;%20viewBox%3D&#39;0%200%203500%20400&#39;%2F%3E\" data-src=\"https:\/\/www.pratiquesorthophoniques2025.fr\/wp-content\/uploads\/2024\/11\/LO.png\" data-srcset=\"https:\/\/www.pratiquesorthophoniques2025.fr\/wp-content\/uploads\/2024\/11\/LO.png 3500w\" loading=\"eager\" style=\"--ratio: 3500 \/ 400\" sizes=\"(max-width: 3500px) 100vw, 3500px\" alt=\"\" width=\"3500\" height=\"400\"  \/><span class=\"gallery-rollover\"><\/span><\/a><\/figure><\/div><div data-post-id=\"176\" data-date=\"2024-11-11T12:24:03+01:00\" data-name=\"FEx\"><figure class=\"post\"><a href=\"https:\/\/www.pratiquesorthophoniques2025.fr\/wp-content\/uploads\/2024\/11\/FEx.png\" class=\"rollover dt-pswp-item layzr-bg\" data-large_image_width=\"3500\" data-large_image_height=\"400\" data-dt-img-description=\"\" title=\"FEx\"><img decoding=\"async\" class=\"preload-me owl-lazy-load aspect\" src=\"data:image\/svg+xml,%3Csvg%20xmlns%3D&#39;http%3A%2F%2Fwww.w3.org%2F2000%2Fsvg&#39;%20viewBox%3D&#39;0%200%203500%20400&#39;%2F%3E\" data-src=\"https:\/\/www.pratiquesorthophoniques2025.fr\/wp-content\/uploads\/2024\/11\/FEx.png\" data-srcset=\"https:\/\/www.pratiquesorthophoniques2025.fr\/wp-content\/uploads\/2024\/11\/FEx.png 3500w\" loading=\"eager\" style=\"--ratio: 3500 \/ 400\" sizes=\"(max-width: 3500px) 100vw, 3500px\" alt=\"\" width=\"3500\" height=\"400\"  \/><span class=\"gallery-rollover\"><\/span><\/a><\/figure><\/div><div data-post-id=\"179\" data-date=\"2024-11-11T14:39:09+01:00\" data-name=\"logo_ortho_edition\"><figure class=\"post\"><a href=\"https:\/\/www.pratiquesorthophoniques2025.fr\/wp-content\/uploads\/2024\/11\/logo_ortho_edition.png\" class=\"rollover dt-pswp-item layzr-bg\" data-large_image_width=\"225\" data-large_image_height=\"219\" data-dt-img-description=\"\" title=\"logo_ortho_edition\"><img decoding=\"async\" class=\"preload-me owl-lazy-load aspect\" src=\"data:image\/svg+xml,%3Csvg%20xmlns%3D&#39;http%3A%2F%2Fwww.w3.org%2F2000%2Fsvg&#39;%20viewBox%3D&#39;0%200%20225%20219&#39;%2F%3E\" data-src=\"https:\/\/www.pratiquesorthophoniques2025.fr\/wp-content\/uploads\/2024\/11\/logo_ortho_edition.png\" data-srcset=\"https:\/\/www.pratiquesorthophoniques2025.fr\/wp-content\/uploads\/2024\/11\/logo_ortho_edition.png 225w\" loading=\"eager\" style=\"--ratio: 225 \/ 219\" sizes=\"(max-width: 225px) 100vw, 225px\" alt=\"\" width=\"225\" height=\"219\"  \/><span class=\"gallery-rollover\"><\/span><\/a><\/figure><\/div><div data-post-id=\"178\" data-date=\"2024-11-11T14:38:10+01:00\" data-name=\"Logo_5\"><figure class=\"post\"><a href=\"https:\/\/www.pratiquesorthophoniques2025.fr\/wp-content\/uploads\/2024\/11\/Logo_5.png\" class=\"rollover dt-pswp-item layzr-bg\" data-large_image_width=\"6000\" data-large_image_height=\"3510\" data-dt-img-description=\"\" title=\"Logo_5\"><img decoding=\"async\" class=\"preload-me owl-lazy-load aspect\" src=\"data:image\/svg+xml,%3Csvg%20xmlns%3D&#39;http%3A%2F%2Fwww.w3.org%2F2000%2Fsvg&#39;%20viewBox%3D&#39;0%200%206000%203510&#39;%2F%3E\" data-src=\"https:\/\/www.pratiquesorthophoniques2025.fr\/wp-content\/uploads\/2024\/11\/Logo_5.png\" data-srcset=\"https:\/\/www.pratiquesorthophoniques2025.fr\/wp-content\/uploads\/2024\/11\/Logo_5.png 6000w\" loading=\"eager\" style=\"--ratio: 6000 \/ 3510\" sizes=\"(max-width: 6000px) 100vw, 6000px\" alt=\"\" width=\"6000\" height=\"3510\"  \/><span class=\"gallery-rollover\"><\/span><\/a><\/figure><\/div><div data-post-id=\"174\" data-date=\"2024-11-11T12:23:40+01:00\" data-name=\"Logo-Happyneuron-Ortho\"><figure class=\"post\"><a href=\"https:\/\/www.pratiquesorthophoniques2025.fr\/wp-content\/uploads\/2024\/11\/Logo-Happyneuron-Ortho.png\" class=\"rollover dt-pswp-item layzr-bg\" data-large_image_width=\"641\" data-large_image_height=\"246\" data-dt-img-description=\"\" title=\"Logo-Happyneuron-Ortho\"><img decoding=\"async\" class=\"preload-me owl-lazy-load aspect\" src=\"data:image\/svg+xml,%3Csvg%20xmlns%3D&#39;http%3A%2F%2Fwww.w3.org%2F2000%2Fsvg&#39;%20viewBox%3D&#39;0%200%20641%20246&#39;%2F%3E\" data-src=\"https:\/\/www.pratiquesorthophoniques2025.fr\/wp-content\/uploads\/2024\/11\/Logo-Happyneuron-Ortho.png\" data-srcset=\"https:\/\/www.pratiquesorthophoniques2025.fr\/wp-content\/uploads\/2024\/11\/Logo-Happyneuron-Ortho.png 641w\" loading=\"eager\" style=\"--ratio: 641 \/ 246\" sizes=\"(max-width: 641px) 100vw, 641px\" alt=\"\" width=\"641\" height=\"246\"  \/><span class=\"gallery-rollover\"><\/span><\/a><\/figure><\/div><div data-post-id=\"195\" data-date=\"2024-11-11T17:21:38+01:00\" data-name=\"Baroad\"><figure class=\"post\"><a href=\"https:\/\/www.pratiquesorthophoniques2025.fr\/wp-content\/uploads\/2024\/11\/Baroad.png\" class=\"rollover dt-pswp-item layzr-bg\" data-large_image_width=\"600\" data-large_image_height=\"200\" data-dt-img-description=\"\" title=\"Baroad\"><img decoding=\"async\" class=\"preload-me owl-lazy-load aspect\" src=\"data:image\/svg+xml,%3Csvg%20xmlns%3D&#39;http%3A%2F%2Fwww.w3.org%2F2000%2Fsvg&#39;%20viewBox%3D&#39;0%200%20600%20200&#39;%2F%3E\" data-src=\"https:\/\/www.pratiquesorthophoniques2025.fr\/wp-content\/uploads\/2024\/11\/Baroad.png\" data-srcset=\"https:\/\/www.pratiquesorthophoniques2025.fr\/wp-content\/uploads\/2024\/11\/Baroad.png 600w\" loading=\"eager\" style=\"--ratio: 600 \/ 200\" sizes=\"(max-width: 600px) 100vw, 600px\" alt=\"\" width=\"600\" height=\"200\"  \/><span class=\"gallery-rollover\"><\/span><\/a><\/figure><\/div><\/div>[\/vc_column][\/vc_row]<\/p>\n<\/div>","protected":false},"excerpt":{"rendered":"<p>[vc_row full_width=\u00a0\u00bbstretch_row\u00a0\u00bb bg_type=\u00a0\u00bbbg_color\u00a0\u00bb bg_color_value=\u00a0\u00bb#f7c9c0&Prime; css=\u00a0\u00bb.vc_custom_1727435489957{margin-top: -50px !important;}\u00a0\u00bb][vc_column][vc_single_image image=\u00a0\u00bb81&Prime; img_size=\u00a0\u00bbfull\u00a0\u00bb alignment=\u00a0\u00bbcenter\u00a0\u00bb css=\u00a0\u00bb\u00a0\u00bb][vc_video link=\u00a0\u00bbhttps:\/\/vimeo.com\/1081473214&Prime; el_width=\u00a0\u00bb70&Prime; align=\u00a0\u00bbcenter\u00a0\u00bb css=\u00a0\u00bb\u00a0\u00bb][\/vc_column][\/vc_row][vc_row css=\u00a0\u00bb.vc_custom_1728290024387{padding-top: 25px !important;padding-bottom: 25px !important;}\u00a0\u00bb el_id=\u00a0\u00bbpresentation\u00a0\u00bb][vc_column][vc_column_text css=\u00a0\u00bb\u00a0\u00bb] Apr\u00e8s les aphasies en 2019, les TNC en 2020 et la prise en soins 2023, nous sommes ravis de vous retrouver pour ce nouveau rendez-vous en orthophonie et neurologie. La diversit\u00e9 des affections&hellip;<\/p>\n","protected":false},"author":1,"featured_media":0,"parent":0,"menu_order":0,"comment_status":"closed","ping_status":"closed","template":"","meta":{"footnotes":""},"class_list":["post-8","page","type-page","status-publish","hentry","description-off"],"_links":{"self":[{"href":"https:\/\/www.pratiquesorthophoniques2025.fr\/index.php?rest_route=\/wp\/v2\/pages\/8","targetHints":{"allow":["GET"]}}],"collection":[{"href":"https:\/\/www.pratiquesorthophoniques2025.fr\/index.php?rest_route=\/wp\/v2\/pages"}],"about":[{"href":"https:\/\/www.pratiquesorthophoniques2025.fr\/index.php?rest_route=\/wp\/v2\/types\/page"}],"author":[{"embeddable":true,"href":"https:\/\/www.pratiquesorthophoniques2025.fr\/index.php?rest_route=\/wp\/v2\/users\/1"}],"replies":[{"embeddable":true,"href":"https:\/\/www.pratiquesorthophoniques2025.fr\/index.php?rest_route=%2Fwp%2Fv2%2Fcomments&post=8"}],"version-history":[{"count":170,"href":"https:\/\/www.pratiquesorthophoniques2025.fr\/index.php?rest_route=\/wp\/v2\/pages\/8\/revisions"}],"predecessor-version":[{"id":250,"href":"https:\/\/www.pratiquesorthophoniques2025.fr\/index.php?rest_route=\/wp\/v2\/pages\/8\/revisions\/250"}],"wp:attachment":[{"href":"https:\/\/www.pratiquesorthophoniques2025.fr\/index.php?rest_route=%2Fwp%2Fv2%2Fmedia&parent=8"}],"curies":[{"name":"wp","href":"https:\/\/api.w.org\/{rel}","templated":true}]}}